{"id":3593,"date":"2017-10-10T18:56:49","date_gmt":"2017-10-10T18:56:49","guid":{"rendered":"http:\/\/mirest.com\/?page_id=3593"},"modified":"2018-02-23T19:18:18","modified_gmt":"2018-02-23T19:18:18","slug":"laboral","status":"publish","type":"page","link":"https:\/\/www.mirest.com\/es\/laboral\/","title":{"rendered":"Laboral"},"content":{"rendered":"<p>[vc_row full_width=\u00bbstretch_row\u00bb bg_type=\u00bbimage\u00bb bg_image_new=\u00bb785&#8243; enable_overlay=\u00bbenable_overlay_value\u00bb overlay_style=\u00bbndBg\u00bb overlay_opacity=\u00bb90&#8243; css=\u00bb.vc_custom_1461091692743{margin-bottom: 0px !important;padding-top: 220px !important;padding-bottom: 220px !important;}\u00bb][vc_column][vc_custom_heading text=\u00bbLaboral\u00bb font_container=\u00bbtag:h1|font_size:60px|text_align:center|color:%23ffffff|line_height:1em\u00bb use_theme_fonts=\u00bbyes\u00bb][\/vc_column][\/vc_row][vc_row full_width=\u00bbstretch_row\u00bb css=\u00bb.vc_custom_1461091741107{margin-bottom: 0px !important;padding-top: 50px !important;padding-bottom: 50px !important;background-color: #f4f4f4 !important;}\u00bb][vc_column width=\u00bb1\/2&#8243;][vc_custom_heading text=\u00bbMiranda &amp; Estavillo, S.C. presta, entre otros, los siguientes servicios en materia laboral:<br \/>\nLITIGIO LABORAL<\/p>\n<p>Atenci\u00f3n de Juicios individuales ante las Juntas de Conciliaci\u00f3n y Arbitraje Locales y Federales, tanto en la ciudad de M\u00e9xico como en el interior del Pa\u00eds<br \/>\nAtenci\u00f3n de emplazamientos a Huelga y juicios colectivos por administraci\u00f3n de contratos colectivos<br \/>\nInterposici\u00f3n de Juicios de Amparo ante el Poder Judicial en contra de actos emitidos por las Autoridades del Trabajo<br \/>\nIntermediaci\u00f3n directa en negociaciones colectivas de trabajo<br \/>\nRatificaci\u00f3n de terminaciones de las relaciones laborales con empleados ante las Juntas de Conciliaci\u00f3n y Arbitraje<\/p>\n<p>CAPACITACION\/ASESORIA:<\/p>\n<p>Consultor\u00eda y capacitaci\u00f3n en materia de Derecho del Trabajo tanto en temas individuales como colectivos;<br \/>\nFormulaci\u00f3n e impartici\u00f3n de cursos especializados sobre temas espec\u00edficos en materia laboral;<br \/>\nAsesor\u00eda y consultor\u00eda en negociaciones de contratos colectivos del trabajo.<br \/>\nAsesor\u00eda al \u00e1rea de Recursos Humanos y\/o \u00e1rea Jur\u00eddica de las empresas en aquellos aspectos relacionados con la administraci\u00f3n del personal, ya sea para el \u00e1mbito Colectivo o Individual.<br \/>\nAsesor\u00eda en el cumplimiento de las Normas Oficiales Mexicanas respecto a su observancia de acuerdo a lo dispuesto en la Ley Federal del Trabajo. (Inspecciones de la Secretar\u00eda del Trabajo)<br \/>\nAsesor\u00eda al momento de que la empresa sea objeto de una inspecci\u00f3n o citatorio por parte de la Secretar\u00eda o Direcci\u00f3n del Trabajo y Previsi\u00f3n Social.<br \/>\nAsesor\u00eda y defensa en el procedimiento administrativo sancionador que la Secretar\u00eda del Trabajo instaure en contra de la Empresa (impugnaci\u00f3n multas).<\/p>\n<p>AUDITORIAS<\/p>\n<p>Asesor\u00eda y\/o elaboraci\u00f3n de la documentaci\u00f3n que toda empresa tiene obligaci\u00f3n de conservar conforme a la Ley Federal del Trabajo, como el Reglamento Interior de Trabajo; contratos individuales de trabajo; recibos de n\u00f3mina; controles de asistencia; entre otros<\/p>\n<p>COMISIONES MIXTAS<\/p>\n<p>Capacitaci\u00f3n, Adiestramiento y Productividad;<br \/>\nSeguridad e Higiene del centro de trabajo;<br \/>\nParticipaci\u00f3n de los Trabajadores en las Utilidades (PTU)<br \/>\nCuadro General de Antig\u00fcedades<br \/>\nReglamento Interior de trabajo<\/p>\n<p>En adici\u00f3n a lo anterior, M&amp;E asesora a sus clientes en restructuraciones y negociaciones con Sindicatos \u00bb font_container=\u00bbtag:div|text_align:justify\u00bb use_theme_fonts=\u00bbyes\u00bb][call_to_action element_tag=\u00bbh3&#8243; button_style=\u00bbbtn-border-black\u00bb align=\u00bbleft\u00bb button_link=\u00bburl:http%3A%2F%2Fmirest.com%2Fpages%2Fcontacto|title:Cont%C3%A1ctenos||\u00bb][\/call_to_action][\/vc_column][vc_column width=\u00bb1\/2&#8243;][vc_single_image image=\u00bb3592&#8243; img_size=\u00bbfull\u00bb][\/vc_column][\/vc_row]<\/p>","protected":false},"excerpt":{"rendered":"<p>[vc_row full_width=\u00bbstretch_row\u00bb bg_type=\u00bbimage\u00bb bg_image_new=\u00bb785&#8243; enable_overlay=\u00bbenable_overlay_value\u00bb overlay_style=\u00bbndBg\u00bb overlay_opacity=\u00bb90&#8243; css=\u00bb.vc_custom_1461091692743{margin-bottom: 0px !important;padding-top: 220px !important;padding-bottom: 220px !important;}\u00bb][vc_column][vc_custom_heading text=\u00bbLaboral\u00bb font_container=\u00bbtag:h1|font_size:60px|text_align:center|color:%23ffffff|line_height:1em\u00bb use_theme_fonts=\u00bbyes\u00bb][\/vc_column][\/vc_row][vc_row full_width=\u00bbstretch_row\u00bb css=\u00bb.vc_custom_1461091741107{margin-bottom: 0px !important;padding-top: 50px !important;padding-bottom: 50px !important;background-color: #f4f4f4 !important;}\u00bb][vc_column width=\u00bb1\/2&#8243;][vc_custom_heading text=\u00bbMiranda &amp; Estavillo, S.C. presta, entre otros, los siguientes servicios en materia laboral: LITIGIO LABORAL Atenci\u00f3n de Juicios individuales ante las Juntas de Conciliaci\u00f3n y Arbitraje Locales [&hellip;]<\/p>\n","protected":false},"author":1,"featured_media":0,"parent":0,"menu_order":0,"comment_status":"closed","ping_status":"closed","template":"","meta":{"footnotes":""},"class_list":["post-3593","page","type-page","status-publish","hentry"],"_links":{"self":[{"href":"https:\/\/www.mirest.com\/es\/wp-json\/wp\/v2\/pages\/3593"}],"collection":[{"href":"https:\/\/www.mirest.com\/es\/wp-json\/wp\/v2\/pages"}],"about":[{"href":"https:\/\/www.mirest.com\/es\/wp-json\/wp\/v2\/types\/page"}],"author":[{"embeddable":true,"href":"https:\/\/www.mirest.com\/es\/wp-json\/wp\/v2\/users\/1"}],"replies":[{"embeddable":true,"href":"https:\/\/www.mirest.com\/es\/wp-json\/wp\/v2\/comments?post=3593"}],"version-history":[{"count":20,"href":"https:\/\/www.mirest.com\/es\/wp-json\/wp\/v2\/pages\/3593\/revisions"}],"predecessor-version":[{"id":4511,"href":"https:\/\/www.mirest.com\/es\/wp-json\/wp\/v2\/pages\/3593\/revisions\/4511"}],"wp:attachment":[{"href":"https:\/\/www.mirest.com\/es\/wp-json\/wp\/v2\/media?parent=3593"}],"curies":[{"name":"wp","href":"https:\/\/api.w.org\/{rel}","templated":true}]}}